{"id":1128,"date":"2023-11-05T22:19:56","date_gmt":"2023-11-05T22:19:56","guid":{"rendered":"https:\/\/www.santoselizondo.com\/?post_type=equipo&#038;p=1128"},"modified":"2025-07-04T22:37:32","modified_gmt":"2025-07-04T22:37:32","slug":"jorge-andres-saucedo-vidales","status":"publish","type":"equipo","link":"https:\/\/www.santoselizondo.com\/en\/team\/jorge-andres-saucedo-vidales\/","title":{"rendered":"Jorge Andr\u00e9s Saucedo Vidales"},"featured_media":1277,"menu_order":25,"template":"","meta":{"_acf_changed":false},"class_list":["post-1128","equipo","type-equipo","status-publish","has-post-thumbnail","hentry"],"acf":[],"yoast_head":"<!-- This site is optimized with the Yoast SEO plugin v24.8.1 - https:\/\/yoast.com\/wordpress\/plugins\/seo\/ -->\n<title>Jorge Andr\u00e9s Saucedo Vidales - Santos | Elizondo<\/title>\n<meta name=\"description\" content=\"Jorge Andr\u00e9s Saucedo Vidales es miembro de Santos Elizondo desde julio del 2023. Por m\u00e1s de 13 a\u00f1os, su pr\u00e1ctica se ha enfocado principalmente en las \u00e1reas de derecho corporativo, fusiones y adquisiciones, financiamientos, transacciones comerciales internacionales, fideicomisos, inmobiliario y planeaci\u00f3n patrimonial.\" \/>\n<meta name=\"robots\" content=\"index, follow, max-snippet:-1, max-image-preview:large, max-video-preview:-1\" \/>\n<link rel=\"canonical\" href=\"https:\/\/www.santoselizondo.com\/en\/team\/jorge-andres-saucedo-vidales\/\" \/>\n<meta property=\"og:locale\" content=\"en_US\" \/>\n<meta property=\"og:type\" content=\"article\" \/>\n<meta property=\"og:title\" content=\"Jorge Andr\u00e9s Saucedo Vidales - Santos | Elizondo\" \/>\n<meta property=\"og:description\" content=\"Jorge Andr\u00e9s Saucedo Vidales es miembro de Santos Elizondo desde julio del 2023. Por m\u00e1s de 13 a\u00f1os, su pr\u00e1ctica se ha enfocado principalmente en las \u00e1reas de derecho corporativo, fusiones y adquisiciones, financiamientos, transacciones comerciales internacionales, fideicomisos, inmobiliario y planeaci\u00f3n patrimonial.\" \/>\n<meta property=\"og:url\" content=\"https:\/\/www.santoselizondo.com\/en\/team\/jorge-andres-saucedo-vidales\/\" \/>\n<meta property=\"og:site_name\" content=\"Santos | Elizondo\" \/>\n<meta property=\"article:modified_time\" content=\"2025-07-04T22:37:32+00:00\" \/>\n<meta property=\"og:image\" content=\"https:\/\/www.santoselizondo.com\/wp-content\/uploads\/2024\/04\/jsv.png\" \/>\n\t<meta property=\"og:image:width\" content=\"750\" \/>\n\t<meta property=\"og:image:height\" content=\"750\" \/>\n\t<meta property=\"og:image:type\" content=\"image\/png\" \/>\n<meta name=\"twitter:card\" content=\"summary_large_image\" \/>\n<meta name=\"twitter:label1\" content=\"Est. reading time\" \/>\n\t<meta name=\"twitter:data1\" content=\"1 minute\" \/>\n<script type=\"application\/ld+json\" class=\"yoast-schema-graph\">{\"@context\":\"https:\/\/schema.org\",\"@graph\":[{\"@type\":\"WebPage\",\"@id\":\"https:\/\/www.santoselizondo.com\/equipo\/jorge-andres-saucedo-vidales\/\",\"url\":\"https:\/\/www.santoselizondo.com\/equipo\/jorge-andres-saucedo-vidales\/\",\"name\":\"Jorge Andr\u00e9s Saucedo Vidales - Santos | Elizondo\",\"isPartOf\":{\"@id\":\"https:\/\/www.santoselizondo.com\/#website\"},\"primaryImageOfPage\":{\"@id\":\"https:\/\/www.santoselizondo.com\/equipo\/jorge-andres-saucedo-vidales\/#primaryimage\"},\"image\":{\"@id\":\"https:\/\/www.santoselizondo.com\/equipo\/jorge-andres-saucedo-vidales\/#primaryimage\"},\"thumbnailUrl\":\"https:\/\/www.santoselizondo.com\/wp-content\/uploads\/2024\/04\/jsv.png\",\"datePublished\":\"2023-11-05T22:19:56+00:00\",\"dateModified\":\"2025-07-04T22:37:32+00:00\",\"description\":\"Jorge Andr\u00e9s Saucedo Vidales es miembro de Santos Elizondo desde julio del 2023. Por m\u00e1s de 13 a\u00f1os, su pr\u00e1ctica se ha enfocado principalmente en las \u00e1reas de derecho corporativo, fusiones y adquisiciones, financiamientos, transacciones comerciales internacionales, fideicomisos, inmobiliario y planeaci\u00f3n patrimonial.\",\"breadcrumb\":{\"@id\":\"https:\/\/www.santoselizondo.com\/equipo\/jorge-andres-saucedo-vidales\/#breadcrumb\"},\"inLanguage\":\"en-US\",\"potentialAction\":[{\"@type\":\"ReadAction\",\"target\":[\"https:\/\/www.santoselizondo.com\/equipo\/jorge-andres-saucedo-vidales\/\"]}]},{\"@type\":\"ImageObject\",\"inLanguage\":\"en-US\",\"@id\":\"https:\/\/www.santoselizondo.com\/equipo\/jorge-andres-saucedo-vidales\/#primaryimage\",\"url\":\"https:\/\/www.santoselizondo.com\/wp-content\/uploads\/2024\/04\/jsv.png\",\"contentUrl\":\"https:\/\/www.santoselizondo.com\/wp-content\/uploads\/2024\/04\/jsv.png\",\"width\":750,\"height\":750},{\"@type\":\"BreadcrumbList\",\"@id\":\"https:\/\/www.santoselizondo.com\/equipo\/jorge-andres-saucedo-vidales\/#breadcrumb\",\"itemListElement\":[{\"@type\":\"ListItem\",\"position\":1,\"name\":\"Portada\",\"item\":\"https:\/\/www.santoselizondo.com\/\"},{\"@type\":\"ListItem\",\"position\":2,\"name\":\"Jorge Andr\u00e9s Saucedo Vidales\"}]},{\"@type\":\"WebSite\",\"@id\":\"https:\/\/www.santoselizondo.com\/#website\",\"url\":\"https:\/\/www.santoselizondo.com\/\",\"name\":\"Santos | Elizondo\",\"description\":\"En Memoria de Luis Santos\",\"publisher\":{\"@id\":\"https:\/\/www.santoselizondo.com\/#organization\"},\"potentialAction\":[{\"@type\":\"SearchAction\",\"target\":{\"@type\":\"EntryPoint\",\"urlTemplate\":\"https:\/\/www.santoselizondo.com\/?s={search_term_string}\"},\"query-input\":{\"@type\":\"PropertyValueSpecification\",\"valueRequired\":true,\"valueName\":\"search_term_string\"}}],\"inLanguage\":\"en-US\"},{\"@type\":\"Organization\",\"@id\":\"https:\/\/www.santoselizondo.com\/#organization\",\"name\":\"Santos | Elizondo\",\"url\":\"https:\/\/www.santoselizondo.com\/\",\"logo\":{\"@type\":\"ImageObject\",\"inLanguage\":\"en-US\",\"@id\":\"https:\/\/www.santoselizondo.com\/#\/schema\/logo\/image\/\",\"url\":\"https:\/\/www.santoselizondo.com\/wp-content\/uploads\/2022\/06\/Logo_1.svg\",\"contentUrl\":\"https:\/\/www.santoselizondo.com\/wp-content\/uploads\/2022\/06\/Logo_1.svg\",\"width\":356,\"height\":38.127,\"caption\":\"Santos | Elizondo\"},\"image\":{\"@id\":\"https:\/\/www.santoselizondo.com\/#\/schema\/logo\/image\/\"},\"sameAs\":[\"https:\/\/www.linkedin.com\/company\/santos-elizondo-cantu-rivera-gonzalez-de-la-garza-mendoza-s.c.\/\"]}]}<\/script>\n<!-- \/ Yoast SEO plugin. -->","yoast_head_json":{"title":"Jorge Andr\u00e9s Saucedo Vidales - Santos | Elizondo","description":"Jorge Andr\u00e9s Saucedo Vidales es miembro de Santos Elizondo desde julio del 2023. Por m\u00e1s de 13 a\u00f1os, su pr\u00e1ctica se ha enfocado principalmente en las \u00e1reas de derecho corporativo, fusiones y adquisiciones, financiamientos, transacciones comerciales internacionales, fideicomisos, inmobiliario y planeaci\u00f3n patrimonial.","robots":{"index":"index","follow":"follow","max-snippet":"max-snippet:-1","max-image-preview":"max-image-preview:large","max-video-preview":"max-video-preview:-1"},"canonical":"https:\/\/www.santoselizondo.com\/en\/team\/jorge-andres-saucedo-vidales\/","og_locale":"en_US","og_type":"article","og_title":"Jorge Andr\u00e9s Saucedo Vidales - Santos | Elizondo","og_description":"Jorge Andr\u00e9s Saucedo Vidales es miembro de Santos Elizondo desde julio del 2023. Por m\u00e1s de 13 a\u00f1os, su pr\u00e1ctica se ha enfocado principalmente en las \u00e1reas de derecho corporativo, fusiones y adquisiciones, financiamientos, transacciones comerciales internacionales, fideicomisos, inmobiliario y planeaci\u00f3n patrimonial.","og_url":"https:\/\/www.santoselizondo.com\/en\/team\/jorge-andres-saucedo-vidales\/","og_site_name":"Santos | Elizondo","article_modified_time":"2025-07-04T22:37:32+00:00","og_image":[{"width":750,"height":750,"url":"https:\/\/www.santoselizondo.com\/wp-content\/uploads\/2024\/04\/jsv.png","type":"image\/png"}],"twitter_card":"summary_large_image","twitter_misc":{"Est. reading time":"1 minute"},"schema":{"@context":"https:\/\/schema.org","@graph":[{"@type":"WebPage","@id":"https:\/\/www.santoselizondo.com\/equipo\/jorge-andres-saucedo-vidales\/","url":"https:\/\/www.santoselizondo.com\/equipo\/jorge-andres-saucedo-vidales\/","name":"Jorge Andr\u00e9s Saucedo Vidales - Santos | Elizondo","isPartOf":{"@id":"https:\/\/www.santoselizondo.com\/#website"},"primaryImageOfPage":{"@id":"https:\/\/www.santoselizondo.com\/equipo\/jorge-andres-saucedo-vidales\/#primaryimage"},"image":{"@id":"https:\/\/www.santoselizondo.com\/equipo\/jorge-andres-saucedo-vidales\/#primaryimage"},"thumbnailUrl":"https:\/\/www.santoselizondo.com\/wp-content\/uploads\/2024\/04\/jsv.png","datePublished":"2023-11-05T22:19:56+00:00","dateModified":"2025-07-04T22:37:32+00:00","description":"Jorge Andr\u00e9s Saucedo Vidales es miembro de Santos Elizondo desde julio del 2023. Por m\u00e1s de 13 a\u00f1os, su pr\u00e1ctica se ha enfocado principalmente en las \u00e1reas de derecho corporativo, fusiones y adquisiciones, financiamientos, transacciones comerciales internacionales, fideicomisos, inmobiliario y planeaci\u00f3n patrimonial.","breadcrumb":{"@id":"https:\/\/www.santoselizondo.com\/equipo\/jorge-andres-saucedo-vidales\/#breadcrumb"},"inLanguage":"en-US","potentialAction":[{"@type":"ReadAction","target":["https:\/\/www.santoselizondo.com\/equipo\/jorge-andres-saucedo-vidales\/"]}]},{"@type":"ImageObject","inLanguage":"en-US","@id":"https:\/\/www.santoselizondo.com\/equipo\/jorge-andres-saucedo-vidales\/#primaryimage","url":"https:\/\/www.santoselizondo.com\/wp-content\/uploads\/2024\/04\/jsv.png","contentUrl":"https:\/\/www.santoselizondo.com\/wp-content\/uploads\/2024\/04\/jsv.png","width":750,"height":750},{"@type":"BreadcrumbList","@id":"https:\/\/www.santoselizondo.com\/equipo\/jorge-andres-saucedo-vidales\/#breadcrumb","itemListElement":[{"@type":"ListItem","position":1,"name":"Portada","item":"https:\/\/www.santoselizondo.com\/"},{"@type":"ListItem","position":2,"name":"Jorge Andr\u00e9s Saucedo Vidales"}]},{"@type":"WebSite","@id":"https:\/\/www.santoselizondo.com\/#website","url":"https:\/\/www.santoselizondo.com\/","name":"Santos | Elizondo","description":"En Memoria de Luis Santos","publisher":{"@id":"https:\/\/www.santoselizondo.com\/#organization"},"potentialAction":[{"@type":"SearchAction","target":{"@type":"EntryPoint","urlTemplate":"https:\/\/www.santoselizondo.com\/?s={search_term_string}"},"query-input":{"@type":"PropertyValueSpecification","valueRequired":true,"valueName":"search_term_string"}}],"inLanguage":"en-US"},{"@type":"Organization","@id":"https:\/\/www.santoselizondo.com\/#organization","name":"Santos | Elizondo","url":"https:\/\/www.santoselizondo.com\/","logo":{"@type":"ImageObject","inLanguage":"en-US","@id":"https:\/\/www.santoselizondo.com\/#\/schema\/logo\/image\/","url":"https:\/\/www.santoselizondo.com\/wp-content\/uploads\/2022\/06\/Logo_1.svg","contentUrl":"https:\/\/www.santoselizondo.com\/wp-content\/uploads\/2022\/06\/Logo_1.svg","width":356,"height":38.127,"caption":"Santos | Elizondo"},"image":{"@id":"https:\/\/www.santoselizondo.com\/#\/schema\/logo\/image\/"},"sameAs":["https:\/\/www.linkedin.com\/company\/santos-elizondo-cantu-rivera-gonzalez-de-la-garza-mendoza-s.c.\/"]}]}},"_links":{"self":[{"href":"https:\/\/www.santoselizondo.com\/en\/wp-json\/wp\/v2\/equipo\/1128","targetHints":{"allow":["GET"]}}],"collection":[{"href":"https:\/\/www.santoselizondo.com\/en\/wp-json\/wp\/v2\/equipo"}],"about":[{"href":"https:\/\/www.santoselizondo.com\/en\/wp-json\/wp\/v2\/types\/equipo"}],"wp:featuredmedia":[{"embeddable":true,"href":"https:\/\/www.santoselizondo.com\/en\/wp-json\/wp\/v2\/media\/1277"}],"wp:attachment":[{"href":"https:\/\/www.santoselizondo.com\/en\/wp-json\/wp\/v2\/media?parent=1128"}],"curies":[{"name":"wp","href":"https:\/\/api.w.org\/{rel}","templated":true}]}}